{"id":49,"date":"2024-11-26T13:38:40","date_gmt":"2024-11-26T13:38:40","guid":{"rendered":"https:\/\/working.drtech.cl\/?page_id=49"},"modified":"2024-12-11T12:49:39","modified_gmt":"2024-12-11T12:49:39","slug":"nuestra-escuela","status":"publish","type":"page","link":"https:\/\/jfscogoti18.cl\/index.php\/nuestra-escuela\/","title":{"rendered":"Nuestra Escuela"},"content":{"rendered":"<p>[et_pb_section fb_built=&#8221;1&#8243; fullwidth=&#8221;on&#8221; admin_label=&#8221;Header Section&#8221; _builder_version=&#8221;4.16&#8243; background_image=&#8221;https:\/\/jfscogoti18.cl\/wp-content\/uploads\/2024\/11\/shapes-bg-color.png&#8221; parallax=&#8221;on&#8221; top_divider_style=&#8221;clouds2&#8243; top_divider_color=&#8221;rgba(255,255,255,0.3)&#8221; top_divider_height=&#8221;100%&#8221; bottom_divider_height=&#8221;30px&#8221; global_colors_info=&#8221;{}&#8221;][et_pb_fullwidth_header title=&#8221;En esta rese\u00f1a  hist\u00f3rica  se conocer\u00e1  desde la creaci\u00f3n  de nuestra escuela, hasta nuestros d\u00edas &#8221; subhead=&#8221;Historia de la Escuela&#8221; text_orientation=&#8221;center&#8221; button_one_text=&#8221;Historia&#8221; button_one_url=&#8221;#historia&#8221; _builder_version=&#8221;4.27.3&#8243; title_level=&#8221;h2&#8243; title_font=&#8221;Rubik|700||on|||||&#8221; title_text_color=&#8221;#ff7355&#8243; title_font_size=&#8221;16px&#8221; title_letter_spacing=&#8221;5px&#8221; title_line_height=&#8221;2em&#8221; content_font=&#8221;Rubik||||||||&#8221; content_font_size=&#8221;18px&#8221; content_line_height=&#8221;2em&#8221; subhead_font=&#8221;Rubik|700|||||||&#8221; subhead_text_color=&#8221;rgba(0,0,0,0.8)&#8221; subhead_font_size=&#8221;50px&#8221; subhead_line_height=&#8221;1.4em&#8221; background_color=&#8221;rgba(255,255,255,0)&#8221; use_background_color_gradient=&#8221;on&#8221; background_color_gradient_stops=&#8221;rgba(255,255,255,0.7) 0%|#ffffff 100%&#8221; background_color_gradient_start=&#8221;rgba(255,255,255,0.7)&#8221; background_color_gradient_end=&#8221;#ffffff&#8221; background_size=&#8221;contain&#8221; background_position=&#8221;bottom_center&#8221; custom_button_one=&#8221;on&#8221; button_one_text_size=&#8221;16px&#8221; button_one_text_color=&#8221;#ffffff&#8221; button_one_bg_color=&#8221;#ff7355&#8243; button_one_border_width=&#8221;15px&#8221; button_one_border_color=&#8221;rgba(210,159,104,0)&#8221; button_one_border_radius=&#8221;100px&#8221; button_one_letter_spacing=&#8221;0px&#8221; button_one_font=&#8221;Rubik|700|||||||&#8221; button_one_use_icon=&#8221;off&#8221; custom_button_two=&#8221;on&#8221; button_two_text_size=&#8221;16px&#8221; button_two_text_color=&#8221;#ffffff&#8221; button_two_bg_color=&#8221;rgba(0,0,0,0.6)&#8221; button_two_border_width=&#8221;15px&#8221; button_two_border_color=&#8221;rgba(210,159,104,0)&#8221; button_two_border_radius=&#8221;100px&#8221; button_two_letter_spacing=&#8221;0px&#8221; button_two_font=&#8221;Rubik|700|||||||&#8221; button_two_use_icon=&#8221;off&#8221; background_layout=&#8221;light&#8221; custom_margin=&#8221;|||&#8221; custom_padding=&#8221;8vw||4vw|&#8221; animation_style=&#8221;slide&#8221; animation_direction=&#8221;bottom&#8221; animation_intensity_slide=&#8221;1%&#8221; subhead_font_size_tablet=&#8221;&#8221; subhead_font_size_phone=&#8221;30px&#8221; subhead_font_size_last_edited=&#8221;on|phone&#8221; button_one_border_radius_hover=&#8221;100px&#8221; button_two_border_radius_hover=&#8221;100px&#8221; button_one_bg_color_hover=&#8221;#ff8a70&#8243; button_two_bg_color_hover=&#8221;#ff8a70&#8243; global_colors_info=&#8221;{}&#8221; button_one_text_size__hover_enabled=&#8221;off&#8221; button_two_text_size__hover_enabled=&#8221;off&#8221; button_one_text_color__hover_enabled=&#8221;off&#8221; button_two_text_color__hover_enabled=&#8221;off&#8221; button_one_border_width__hover_enabled=&#8221;off&#8221; button_two_border_width__hover_enabled=&#8221;off&#8221; button_one_border_color__hover_enabled=&#8221;off&#8221; button_two_border_color__hover_enabled=&#8221;off&#8221; button_one_border_radius__hover_enabled=&#8221;on&#8221; button_one_border_radius__hover=&#8221;100px&#8221; button_two_border_radius__hover_enabled=&#8221;on&#8221; button_two_border_radius__hover=&#8221;100px&#8221; button_one_letter_spacing__hover_enabled=&#8221;off&#8221; button_two_letter_spacing__hover_enabled=&#8221;off&#8221; button_one_bg_color__hover_enabled=&#8221;on&#8221; button_one_bg_color__hover=&#8221;#ff8a70&#8243; button_two_bg_color__hover_enabled=&#8221;on&#8221; button_two_bg_color__hover=&#8221;#ff8a70&#8243;][\/et_pb_fullwidth_header][\/et_pb_section][et_pb_section fb_built=&#8221;1&#8243; background_color_gradient_stops_1=&#8221;#2b87da 0%|#c7cbd4 100%&#8221; background_color_gradient_end_1=&#8221;#c7cbd4&#8243; admin_label=&#8221;Feature&#8221; _builder_version=&#8221;4.16&#8243; background_color=&#8221;#7f5aff&#8221; custom_padding=&#8221;0|0px|0|0px|false|false&#8221; locked=&#8221;off&#8221; global_colors_info=&#8221;{}&#8221;][et_pb_row column_structure=&#8221;1_2,1_2&#8243; use_custom_gutter=&#8221;on&#8221; gutter_width=&#8221;1&#8243; make_equal=&#8221;on&#8221; padding_top_bottom_link_1=&#8221;true&#8221; padding_top_bottom_link_2=&#8221;true&#8221; module_id=&#8221;historia&#8221; module_class=&#8221; et_pb_row_fullwidth&#8221; _builder_version=&#8221;4.27.3&#8243; width=&#8221;100%&#8221; width_tablet=&#8221;100%&#8221; width_phone=&#8221;100%&#8221; width_last_edited=&#8221;on|desktop&#8221; max_width=&#8221;100%&#8221; max_width_tablet=&#8221;100%&#8221; max_width_phone=&#8221;100%&#8221; max_width_last_edited=&#8221;on|desktop&#8221; custom_padding=&#8221;0px|0px|0px|0px&#8221; hover_enabled=&#8221;0&#8243; make_fullwidth=&#8221;on&#8221; global_colors_info=&#8221;{}&#8221; sticky_enabled=&#8221;0&#8243;][et_pb_column type=&#8221;1_2&#8243; _builder_version=&#8221;4.16&#8243; background_color=&#8221;#3a5063&#8243; custom_padding=&#8221;120px|80px|120px|10%&#8221; custom_padding_tablet=&#8221;|10%||10%||true&#8221; custom_padding_phone=&#8221;|10%||10%||true&#8221; custom_padding_last_edited=&#8221;on|tablet&#8221; global_colors_info=&#8221;{}&#8221; padding_tablet=&#8221;|10%||10%||true&#8221; padding_last_edited=&#8221;on|tablet&#8221; custom_padding__hover=&#8221;|||&#8221; padding_phone=&#8221;|10%||10%||true&#8221;][et_pb_text admin_label=&#8221;Title&#8221; _builder_version=&#8221;4.27.3&#8243; text_font=&#8221;Rubik|500|||||||&#8221; text_font_size=&#8221;16px&#8221; text_line_height=&#8221;2em&#8221; quote_font=&#8221;||||||||&#8221; header_font=&#8221;||||||||&#8221; header_2_font=&#8221;Cabin Sketch|700||on|||||&#8221; header_2_font_size=&#8221;40px&#8221; header_2_letter_spacing=&#8221;6px&#8221; header_2_line_height=&#8221;1.4em&#8221; header_5_font=&#8221;Rubik|700||on|||||&#8221; header_5_text_color=&#8221;#ff9c02&#8243; header_5_letter_spacing=&#8221;5px&#8221; header_5_line_height=&#8221;1.2em&#8221; background_layout=&#8221;dark&#8221; max_width=&#8221;600px&#8221; max_width_tablet=&#8221;&#8221; max_width_phone=&#8221;&#8221; max_width_last_edited=&#8221;on|phone&#8221; custom_margin=&#8221;|||&#8221; custom_margin_tablet=&#8221;|70px||70px&#8221; custom_margin_phone=&#8221;|50px||50px&#8221; custom_margin_last_edited=&#8221;off|desktop&#8221; custom_padding=&#8221;|||&#8221; text_line_height_last_edited=&#8221;off|desktop&#8221; header_2_font_size_tablet=&#8221;&#8221; header_2_font_size_phone=&#8221;30px&#8221; header_2_font_size_last_edited=&#8221;on|phone&#8221; locked=&#8221;off&#8221; inline_fonts=&#8221;Sacramento&#8221; global_colors_info=&#8221;{}&#8221;]<\/p>\n<h5>Nuestra escuela<\/h5>\n<h2>Rese\u00f1a hist\u00f3rica<\/h2>\n<p style=\"text-align: justify;\">Al comienzo del a\u00f1o 1890 empieza a funcionar la primera escuela denominada \u201c Escuela Mixta N\u00ba 1\u201d con una matr\u00edcula de 68 alumnos a cargo de la profesora Clementina Meneses quien ejerce en la misma escuela hasta el a\u00f1o 1912 cuando pasa a llamarse \u201c Escuela Mixta N\u00ba 6\u201d ejerciendo esta profesi\u00f3n hasta 1928a escuela hasta el a\u00f1o 1912 cuando pasa a llamarse \u201c Escuela Mixta N\u00ba 6\u201d ejerciendo esta profesi\u00f3n hasta 1928.<\/p>\n<p>[\/et_pb_text][\/et_pb_column][et_pb_column type=&#8221;1_2&#8243; _builder_version=&#8221;4.27.3&#8243; background_color_gradient_direction=&#8221;90deg&#8221; background_color_gradient_start=&#8221;#ff7355&#8243; background_color_gradient_end=&#8221;rgba(255,115,85,0.6)&#8221; background_image=&#8221;https:\/\/jfscogoti18.cl\/wp-content\/uploads\/2024\/12\/swiper-slide-3-1.jpg&#8221; custom_padding=&#8221;120px|10%|120px|80px&#8221; custom_padding_tablet=&#8221;|10%||10%||true&#8221; custom_padding_phone=&#8221;|10%||10%||true&#8221; custom_padding_last_edited=&#8221;on|tablet&#8221; hover_enabled=&#8221;0&#8243; global_colors_info=&#8221;{}&#8221; padding_tablet=&#8221;|10%||10%||true&#8221; padding_last_edited=&#8221;on|tablet&#8221; custom_padding__hover=&#8221;|||&#8221; padding_phone=&#8221;|10%||10%||true&#8221; title_text=&#8221;swiper-slide-3&#8243; sticky_enabled=&#8221;0&#8243;][et_pb_divider color=&#8221;rgba(0,0,0,0)&#8221; _builder_version=&#8221;4.16&#8243; height=&#8221;200px&#8221; locked=&#8221;off&#8221; global_colors_info=&#8221;{}&#8221;][\/et_pb_divider][\/et_pb_column][\/et_pb_row][\/et_pb_section][et_pb_section fb_built=&#8221;1&#8243; admin_label=&#8221;Video&#8221; _builder_version=&#8221;4.16&#8243; background_color=&#8221;#5b41db&#8221; background_image=&#8221;https:\/\/jfscogoti18.cl\/wp-content\/uploads\/2024\/11\/shapes-bg-1.png&#8221; parallax=&#8221;on&#8221; global_colors_info=&#8221;{}&#8221;][et_pb_row column_structure=&#8221;1_2,1_2&#8243; _builder_version=&#8221;4.16&#8243; global_colors_info=&#8221;{}&#8221;][et_pb_column type=&#8221;1_2&#8243; _builder_version=&#8221;4.16&#8243; custom_padding=&#8221;|||&#8221; global_colors_info=&#8221;{}&#8221; custom_padding__hover=&#8221;|||&#8221;][et_pb_text _builder_version=&#8221;4.27.3&#8243; text_font=&#8221;Rubik|500|||||||&#8221; text_font_size=&#8221;16px&#8221; text_line_height=&#8221;2em&#8221; quote_font=&#8221;||||||||&#8221; header_font=&#8221;||||||||&#8221; header_2_font=&#8221;Rubik|700|||||||&#8221; header_2_font_size=&#8221;40px&#8221; header_2_line_height=&#8221;1.4em&#8221; header_5_font=&#8221;Rubik|700||on|||||&#8221; header_5_letter_spacing=&#8221;5px&#8221; header_5_line_height=&#8221;1.2em&#8221; background_layout=&#8221;dark&#8221; max_width=&#8221;600px&#8221; max_width_tablet=&#8221;&#8221; max_width_phone=&#8221;&#8221; max_width_last_edited=&#8221;on|phone&#8221; custom_margin=&#8221;|||&#8221; custom_margin_tablet=&#8221;|70px||70px&#8221; custom_margin_phone=&#8221;|50px||50px&#8221; custom_margin_last_edited=&#8221;off|desktop&#8221; custom_padding=&#8221;|||&#8221; text_line_height_last_edited=&#8221;off|desktop&#8221; header_2_font_size_tablet=&#8221;&#8221; header_2_font_size_phone=&#8221;30px&#8221; header_2_font_size_last_edited=&#8221;on|phone&#8221; global_colors_info=&#8221;{}&#8221;]<\/p>\n<p style=\"text-align: justify;\">A contar de 1929 ejerce la profesora Teresa Pizarro Tapia. En el a\u00f1o 1931 deja de ser mixta a \u201cEscuela N\u00ba 78 de Mujeres\u201d en la tarde ya que en la ma\u00f1ana funciona la Escuela 77 de Hombres.<\/p>\n<p style=\"text-align: justify;\">En 1941 a la escuela se le asigna el nombre de \u201c Escuela N\u00ba 4 ejerce como profesora la Srta. Mercedes Mu\u00f1oz Carvajal que a causa del terremoto del 6 de abril 1943, ambas escuela funcionan en el local de la Escuela Hombres\u201d.<\/p>\n<p style=\"text-align: justify;\">En 1950 a cargo de la profesora Gladys Rojas Huerta se fusionan en \u201c Escuela superior Mixta\u201d<\/p>\n<p>[\/et_pb_text][\/et_pb_column][et_pb_column type=&#8221;1_2&#8243; _builder_version=&#8221;4.16&#8243; custom_padding=&#8221;|||&#8221; global_colors_info=&#8221;{}&#8221; custom_padding__hover=&#8221;|||&#8221;][et_pb_text _builder_version=&#8221;4.27.3&#8243; text_font=&#8221;Rubik|500|||||||&#8221; text_font_size=&#8221;16px&#8221; text_line_height=&#8221;2em&#8221; quote_font=&#8221;||||||||&#8221; header_font=&#8221;||||||||&#8221; header_2_font=&#8221;Rubik|700|||||||&#8221; header_2_font_size=&#8221;40px&#8221; header_2_line_height=&#8221;1.4em&#8221; header_5_font=&#8221;Rubik|700||on|||||&#8221; header_5_letter_spacing=&#8221;5px&#8221; header_5_line_height=&#8221;1.2em&#8221; background_layout=&#8221;dark&#8221; max_width=&#8221;600px&#8221; max_width_tablet=&#8221;&#8221; max_width_phone=&#8221;&#8221; max_width_last_edited=&#8221;on|phone&#8221; custom_margin=&#8221;|||&#8221; custom_margin_tablet=&#8221;|70px||70px&#8221; custom_margin_phone=&#8221;|50px||50px&#8221; custom_margin_last_edited=&#8221;off|desktop&#8221; custom_padding=&#8221;|||&#8221; text_line_height_last_edited=&#8221;off|desktop&#8221; header_2_font_size_tablet=&#8221;&#8221; header_2_font_size_phone=&#8221;30px&#8221; header_2_font_size_last_edited=&#8221;on|phone&#8221; global_colors_info=&#8221;{}&#8221;]<\/p>\n<p>A contar del a\u00f1o 1951 comienza a funcionar en el local de calle Arturo Prat con una matr\u00edcula de 170 alumnos.<\/p>\n<p>Desde 1956 ejerce la direcci\u00f3n ejerce la direcci\u00f3n de la escuela Mixta N\u00ba 3 don Blas Guillermo Reyes Pic\u00f3n.<\/p>\n<p>En 1954 asume el Se\u00f1or Hugo Villarroel Pizarro.<\/p>\n<p>El a\u00f1o 1965 asume como directora la Sra. Edhit H. Castillo Contreras .<\/p>\n<p>En Marzo 1980 asume como directora la Sra. Elba Rojas Guerrero<\/p>\n<p>&nbsp;<\/p>\n<p>[\/et_pb_text][\/et_pb_column][\/et_pb_row][et_pb_row _builder_version=&#8221;4.16&#8243; custom_margin=&#8221;|||&#8221; custom_margin_tablet=&#8221;0px|||&#8221; custom_margin_last_edited=&#8221;off|desktop&#8221; border_radii=&#8221;on|10px|10px|10px|10px&#8221; locked=&#8221;off&#8221; global_colors_info=&#8221;{}&#8221;][et_pb_column type=&#8221;4_4&#8243; _builder_version=&#8221;4.16&#8243; custom_padding=&#8221;|||&#8221; global_colors_info=&#8221;{}&#8221; custom_padding__hover=&#8221;|||&#8221;][et_pb_image src=&#8221;https:\/\/jfscogoti18.cl\/wp-content\/uploads\/2024\/11\/grid-blog-2-570&#215;350-1.jpg&#8221; title_text=&#8221;grid-blog-2-570&#215;350&#8243; align=&#8221;center&#8221; _builder_version=&#8221;4.27.3&#8243; _module_preset=&#8221;default&#8221; custom_margin=&#8221;||||false|false&#8221; custom_padding=&#8221;||||true|true&#8221; border_radii=&#8221;on|10px|10px|10px|10px&#8221; global_colors_info=&#8221;{}&#8221;][\/et_pb_image][\/et_pb_column][\/et_pb_row][\/et_pb_section][et_pb_section fb_built=&#8221;1&#8243; background_color_gradient_stops_1=&#8221;#2b87da 0%|#c7cbd4 100%&#8221; background_color_gradient_end_1=&#8221;#c7cbd4&#8243; admin_label=&#8221;Feature&#8221; _builder_version=&#8221;4.16&#8243; custom_padding=&#8221;0|0px|0|0px|false|false&#8221; locked=&#8221;off&#8221; global_colors_info=&#8221;{}&#8221;][et_pb_row column_structure=&#8221;1_2,1_2&#8243; use_custom_gutter=&#8221;on&#8221; gutter_width=&#8221;1&#8243; make_equal=&#8221;on&#8221; padding_top_bottom_link_1=&#8221;true&#8221; padding_top_bottom_link_2=&#8221;true&#8221; module_class=&#8221; et_pb_row_fullwidth&#8221; _builder_version=&#8221;4.27.3&#8243; background_color=&#8221;#e8ecef&#8221; width=&#8221;100%&#8221; width_tablet=&#8221;100%&#8221; width_phone=&#8221;100%&#8221; width_last_edited=&#8221;on|desktop&#8221; max_width=&#8221;100%&#8221; max_width_tablet=&#8221;100%&#8221; max_width_phone=&#8221;100%&#8221; max_width_last_edited=&#8221;on|desktop&#8221; custom_padding=&#8221;0px|0px|0px|0px&#8221; make_fullwidth=&#8221;on&#8221; global_colors_info=&#8221;{}&#8221;][et_pb_column type=&#8221;1_2&#8243; _builder_version=&#8221;4.27.3&#8243; background_image=&#8221;https:\/\/jfscogoti18.cl\/wp-content\/uploads\/2024\/11\/personal-page-gallery-1-original.jpg&#8221; background_position=&#8221;center_left&#8221; custom_padding=&#8221;120px|80px|120px|10%&#8221; custom_padding_tablet=&#8221;|10%||10%||true&#8221; custom_padding_phone=&#8221;|10%||10%||true&#8221; custom_padding_last_edited=&#8221;on|tablet&#8221; global_colors_info=&#8221;{}&#8221; padding_tablet=&#8221;|10%||10%||true&#8221; padding_last_edited=&#8221;on|tablet&#8221; custom_padding__hover=&#8221;|||&#8221; padding_phone=&#8221;|10%||10%||true&#8221;][et_pb_divider color=&#8221;rgba(0,0,0,0)&#8221; _builder_version=&#8221;4.27.3&#8243; height=&#8221;200px&#8221; locked=&#8221;off&#8221; global_colors_info=&#8221;{}&#8221;][\/et_pb_divider][\/et_pb_column][et_pb_column type=&#8221;1_2&#8243; _builder_version=&#8221;4.16&#8243; background_color_gradient_direction=&#8221;90deg&#8221; background_color_gradient_start=&#8221;#ff7355&#8243; background_color_gradient_end=&#8221;rgba(255,115,85,0.6)&#8221; custom_padding=&#8221;120px|10%|120px|80px&#8221; custom_padding_tablet=&#8221;|10%||10%||true&#8221; custom_padding_phone=&#8221;|10%||10%||true&#8221; custom_padding_last_edited=&#8221;on|tablet&#8221; global_colors_info=&#8221;{}&#8221; padding_tablet=&#8221;|10%||10%||true&#8221; padding_last_edited=&#8221;on|tablet&#8221; custom_padding__hover=&#8221;|||&#8221; padding_phone=&#8221;|10%||10%||true&#8221;][et_pb_text _builder_version=&#8221;4.27.3&#8243; _module_preset=&#8221;default&#8221; text_font=&#8221;Rubik|500|||||||&#8221; text_text_color=&#8221;gcid-secondary-color&#8221; text_font_size=&#8221;16px&#8221; text_line_height=&#8221;2em&#8221; quote_font=&#8221;||||||||&#8221; header_font=&#8221;||||||||&#8221; header_2_font=&#8221;Rubik|700|||||||&#8221; header_2_font_size=&#8221;40px&#8221; header_2_line_height=&#8221;1.4em&#8221; header_5_font=&#8221;Rubik|700||on|||||&#8221; header_5_letter_spacing=&#8221;5px&#8221; header_5_line_height=&#8221;1.2em&#8221; background_layout=&#8221;dark&#8221; max_width=&#8221;600px&#8221; max_width_tablet=&#8221;600px&#8221; max_width_phone=&#8221;600px&#8221; max_width_last_edited=&#8221;on|phone&#8221; custom_margin=&#8221;|||&#8221; custom_padding=&#8221;|||&#8221; header_2_font_size_tablet=&#8221;40px&#8221; header_2_font_size_phone=&#8221;30px&#8221; header_2_font_size_last_edited=&#8221;on|phone&#8221; global_colors_info=&#8221;{%22gcid-secondary-color%22:%91%22text_text_color%22%93}&#8221;]<\/p>\n<p style=\"text-align: justify;\">En abril de 1986 asume como Directora la Sra. Nancy Ang\u00e9lica Ollarz\u00fa Aguilera, en cuyo per\u00edodo se cambia el nombre de la Escuela F318 por la Escuela B\u00e1sica Juanita Fern\u00e1ndez Solar.<\/p>\n<p style=\"text-align: justify;\">En Marzo 2010 ejerce como Director don Osvaldo Del Tr\u00e1nsito Campusano V\u00e1squez obtenido por Concurso P\u00fablico Ley 20.501.<\/p>\n<p style=\"text-align: justify;\">En el mes de agosto 2010 la escuela se traslada de la Calle Arturo Prat a un moderno, s\u00f3lido y acogedor Establecimiento Educacional ubicado en calle Manuel Rodr\u00edguez S\/N. sector El Villorrio.<\/p>\n<p style=\"text-align: justify;\">El a\u00f1o 2012 comienza a funcionar con Jornada Escolar Completa, con diferentes talleres: art\u00edstico, teatro, deportivo, gastron\u00f3mico, tecnol\u00f3gico, musical, literario, matem\u00e1tico y sicomotricidad.<\/p>\n<p style=\"text-align: justify;\">En Septiembre de 2017 asume como director Subrogante don Ren\u00e9 Roberto Munizaga Miranda quien se desempe\u00f1\u00f3 hasta el 31 de Agosto del a\u00f1o 2020. Actualmente se desempe\u00f1a como Director de Reemplazo el Sr. Cristian V\u00e1squez Vald\u00e9s.<\/p>\n<p style=\"text-align: justify;\">[\/et_pb_text][\/et_pb_column][\/et_pb_row][\/et_pb_section][et_pb_section fb_built=&#8221;1&#8243; admin_label=&#8221;Footer&#8221; _builder_version=&#8221;4.16&#8243; background_image=&#8221;https:\/\/jfscogoti18.cl\/wp-content\/uploads\/2024\/11\/jess-watters-483666-unsplash.jpg&#8221; parallax=&#8221;on&#8221; custom_margin=&#8221;|||&#8221; custom_padding=&#8221;|||&#8221; global_colors_info=&#8221;{}&#8221;][et_pb_row column_structure=&#8221;1_4,1_4,1_2&#8243; use_custom_gutter=&#8221;on&#8221; gutter_width=&#8221;2&#8243; make_equal=&#8221;on&#8221; _builder_version=&#8221;4.16&#8243; custom_padding=&#8221;|||&#8221; animation_style=&#8221;fade&#8221; border_radii=&#8221;on|10px|10px|10px|10px&#8221; global_colors_info=&#8221;{}&#8221;][et_pb_column type=&#8221;1_4&#8243; _builder_version=&#8221;4.16&#8243; custom_padding=&#8221;|||&#8221; global_colors_info=&#8221;{}&#8221; custom_padding__hover=&#8221;|||&#8221;][et_pb_number_counter title=&#8221;estudiantes&#8221; number=&#8221;450&#8243; percent_sign=&#8221;off&#8221; _builder_version=&#8221;4.27.3&#8243; title_font=&#8221;Rubik|700||on|||||&#8221; title_text_color=&#8221;#ffffff&#8221; title_font_size=&#8221;14px&#8221; title_letter_spacing=&#8221;5px&#8221; title_line_height=&#8221;1.5em&#8221; number_font=&#8221;Cabin Sketch|500|||||||&#8221; number_text_color=&#8221;#ffffff&#8221; number_font_size=&#8221;46px&#8221; number_line_height=&#8221;100px&#8221; background_color=&#8221;#2b76df&#8221; text_orientation=&#8221;left&#8221; background_layout=&#8221;dark&#8221; custom_padding=&#8221;50px|25px|15px|25px|false|true&#8221; border_radii=&#8221;on|10px|10px|10px|10px&#8221; global_colors_info=&#8221;{}&#8221;][\/et_pb_number_counter][et_pb_number_counter title=&#8221;programas extra programaticas&#8221; number=&#8221;11&#8243; percent_sign=&#8221;off&#8221; _builder_version=&#8221;4.27.3&#8243; title_font=&#8221;Rubik|700||on|||||&#8221; title_text_color=&#8221;#ffffff&#8221; title_font_size=&#8221;14px&#8221; title_letter_spacing=&#8221;5px&#8221; title_line_height=&#8221;1.5em&#8221; number_font=&#8221;Cabin Sketch|500|||||||&#8221; number_text_color=&#8221;#ffffff&#8221; number_font_size=&#8221;46px&#8221; number_line_height=&#8221;100px&#8221; background_color=&#8221;#ff9c02&#8243; text_orientation=&#8221;left&#8221; background_layout=&#8221;dark&#8221; custom_margin=&#8221;30px|||&#8221; custom_margin_last_edited=&#8221;off|desktop&#8221; custom_padding=&#8221;50px|25px|15px|25px|false|true&#8221; border_radii=&#8221;on|10px|10px|10px|10px&#8221; global_colors_info=&#8221;{}&#8221;][\/et_pb_number_counter][\/et_pb_column][et_pb_column type=&#8221;1_4&#8243; _builder_version=&#8221;4.16&#8243; custom_padding=&#8221;|||&#8221; global_colors_info=&#8221;{}&#8221; custom_padding__hover=&#8221;|||&#8221;][et_pb_number_counter title=&#8221;cursos&#8221; number=&#8221;16&#8243; percent_sign=&#8221;off&#8221; _builder_version=&#8221;4.27.3&#8243; title_font=&#8221;Rubik|700||on|||||&#8221; title_text_color=&#8221;#ffffff&#8221; title_font_size=&#8221;14px&#8221; title_letter_spacing=&#8221;5px&#8221; title_line_height=&#8221;1.5em&#8221; number_font=&#8221;Cabin Sketch|500|||||||&#8221; number_text_color=&#8221;#ffffff&#8221; number_font_size=&#8221;46px&#8221; number_line_height=&#8221;100px&#8221; background_color=&#8221;#ff7355&#8243; text_orientation=&#8221;left&#8221; background_layout=&#8221;dark&#8221; custom_padding=&#8221;50px|25px|15px|25px|false|true&#8221; border_radii=&#8221;on|10px|10px|10px|10px&#8221; global_colors_info=&#8221;{}&#8221;][\/et_pb_number_counter][et_pb_number_counter title=&#8221;a\u00f1os establecidos en la regi\u00f3n&#8221; number=&#8221;21&#8243; percent_sign=&#8221;off&#8221; _builder_version=&#8221;4.27.3&#8243; title_font=&#8221;Rubik|700||on|||||&#8221; title_text_color=&#8221;#ffffff&#8221; title_font_size=&#8221;14px&#8221; title_letter_spacing=&#8221;5px&#8221; title_line_height=&#8221;1.5em&#8221; number_font=&#8221;Cabin Sketch|500|||||||&#8221; number_text_color=&#8221;#ffffff&#8221; number_font_size=&#8221;46px&#8221; number_line_height=&#8221;100px&#8221; background_color=&#8221;#74bc19&#8243; text_orientation=&#8221;left&#8221; background_layout=&#8221;dark&#8221; custom_margin=&#8221;30px|||&#8221; custom_padding=&#8221;50px|25px|15px|25px|false|true&#8221; border_radii=&#8221;on|10px|10px|10px|10px&#8221; global_colors_info=&#8221;{}&#8221;][\/et_pb_number_counter][\/et_pb_column][et_pb_column type=&#8221;1_2&#8243; _builder_version=&#8221;4.16&#8243; custom_padding=&#8221;|||&#8221; global_colors_info=&#8221;{}&#8221; custom_padding__hover=&#8221;|||&#8221;][et_pb_cta title=&#8221;Hablemos&#8221; button_url=&#8221;#top&#8221; button_text=&#8221;Contacto&#8221; _builder_version=&#8221;4.27.3&#8243; header_font=&#8221;Rubik|700|||||||&#8221; header_font_size=&#8221;40px&#8221; header_line_height=&#8221;1.4em&#8221; body_font=&#8221;Rubik||||||||&#8221; body_line_height=&#8221;2em&#8221; background_color=&#8221;#ffffff&#8221; custom_button=&#8221;on&#8221; button_text_size=&#8221;16px&#8221; button_text_color=&#8221;#ffffff&#8221; button_bg_color=&#8221;#7f5aff&#8221; button_border_width=&#8221;10px&#8221; button_border_color=&#8221;rgba(65,65,144,0)&#8221; button_border_radius=&#8221;70px&#8221; button_font=&#8221;Rubik|700|||||||&#8221; button_use_icon=&#8221;off&#8221; text_orientation=&#8221;left&#8221; background_layout=&#8221;light&#8221; max_width_last_edited=&#8221;off|desktop&#8221; module_alignment=&#8221;right&#8221; custom_margin=&#8221;|||&#8221; custom_padding=&#8221;64px|60px|64px|60px|true&#8221; header_font_size_tablet=&#8221;&#8221; header_font_size_phone=&#8221;30px&#8221; header_font_size_last_edited=&#8221;on|phone&#8221; body_line_height_last_edited=&#8221;off|desktop&#8221; border_radii=&#8221;on|10px|10px|10px|10px&#8221; button_text_color_hover=&#8221;#ffffff&#8221; button_border_radius_hover=&#8221;70px&#8221; button_bg_color_hover=&#8221;#9577ff&#8221; global_colors_info=&#8221;{}&#8221; button_text_size__hover_enabled=&#8221;off&#8221; button_one_text_size__hover_enabled=&#8221;off&#8221; button_two_text_size__hover_enabled=&#8221;off&#8221; button_text_color__hover_enabled=&#8221;on&#8221; button_text_color__hover=&#8221;#ffffff&#8221; button_one_text_color__hover_enabled=&#8221;off&#8221; button_two_text_color__hover_enabled=&#8221;off&#8221; button_border_width__hover_enabled=&#8221;off&#8221; button_one_border_width__hover_enabled=&#8221;off&#8221; button_two_border_width__hover_enabled=&#8221;off&#8221; button_border_color__hover_enabled=&#8221;off&#8221; button_one_border_color__hover_enabled=&#8221;off&#8221; button_two_border_color__hover_enabled=&#8221;off&#8221; button_border_radius__hover_enabled=&#8221;on&#8221; button_border_radius__hover=&#8221;70px&#8221; button_one_border_radius__hover_enabled=&#8221;off&#8221; button_two_border_radius__hover_enabled=&#8221;off&#8221; button_letter_spacing__hover_enabled=&#8221;off&#8221; button_one_letter_spacing__hover_enabled=&#8221;off&#8221; button_two_letter_spacing__hover_enabled=&#8221;off&#8221; button_bg_color__hover_enabled=&#8221;on&#8221; button_bg_color__hover=&#8221;#9577ff&#8221; button_one_bg_color__hover_enabled=&#8221;off&#8221; button_two_bg_color__hover_enabled=&#8221;off&#8221;]<\/p>\n<p><strong>Ubicaci\u00f3n:<\/strong><span>\u00a0<\/span><span>Manuel Rodr\u00edguez S\/N ,\u00a0<\/span><em>Cogot\u00ed<\/em><span>\u00a018 , Combarbal\u00e1, Region de\u00a0 Coquimbo<\/span><\/p>\n<p><strong>Tel\u00e9fono:<\/strong><span>\u00a0<\/span><span>+53- 2 -741335<\/span><\/p>\n<p><strong>Email:<\/strong>\u00a0<a href=\"mailto:hello@divi.edu\">contacto@jfscogoti18.cl<\/a><\/p>\n<p><strong>Horarios:<\/strong><span>\u00a0<\/span>L-V: 8am -4pm<\/p>\n<p>[\/et_pb_cta][\/et_pb_column][\/et_pb_row][et_pb_row _builder_version=&#8221;4.16&#8243; global_colors_info=&#8221;{}&#8221;][et_pb_column type=&#8221;4_4&#8243; _builder_version=&#8221;4.16&#8243; custom_padding=&#8221;|||&#8221; global_colors_info=&#8221;{}&#8221; custom_padding__hover=&#8221;|||&#8221;][et_pb_text _builder_version=&#8221;4.27.3&#8243; text_font=&#8221;Rubik||||||||&#8221; text_line_height=&#8221;2em&#8221; header_font=&#8221;||||||||&#8221; header_2_font=&#8221;Rubik|700||on|||||&#8221; header_2_font_size=&#8221;12px&#8221; header_2_letter_spacing=&#8221;3px&#8221; header_2_line_height=&#8221;1.5em&#8221; header_5_font=&#8221;Rubik|700||on|||||&#8221; header_5_font_size=&#8221;12px&#8221; header_5_letter_spacing=&#8221;3px&#8221; header_5_line_height=&#8221;1.5em&#8221; max_width=&#8221;700px&#8221; module_alignment=&#8221;center&#8221; custom_margin=&#8221;50px||||false&#8221; custom_margin_tablet=&#8221;0px|||&#8221; custom_margin_last_edited=&#8221;off|desktop&#8221; text_line_height_last_edited=&#8221;off|desktop&#8221; global_colors_info=&#8221;{}&#8221;]<\/p>\n<h5>Programas de integraci\u00f3n escolar (PIE)<\/h5>\n<p style=\"text-align: justify;\"><span style=\"font-size: 14px;\">El Programa de Integraci\u00f3n Escolar es una estrategia inclusiva del sistema escolar que tiene el prop\u00f3sito de entregar apoyos adicionales a los estudiantes que presentan Necesidades Educativas Especiales (NEE) de car\u00e1cter permanente (Asociadas a discapacidad) o car\u00e1cter transitorio que asisten a establecimientos de educaci\u00f3n regular. Favorece la presencia y participaci\u00f3n en la sala de clases, el logro de los objetivos de Aprendizaje y la trayectoria educativa de \u00a0&#8220;todos y cada uno de los estudiantes&#8221;, contribuyendo con ello al mejoramiento continuo de la educacu\u00f3n (Mineduc)<\/span><\/p>\n<p style=\"text-align: justify;\">[\/et_pb_text][\/et_pb_column][\/et_pb_row][\/et_pb_section]<\/p>\n","protected":false},"excerpt":{"rendered":"<p>Nuestra escuela Rese\u00f1a hist\u00f3rica Al comienzo del a\u00f1o 1890 empieza a funcionar la primera escuela denominada \u201c Escuela Mixta N\u00ba 1\u201d con una matr\u00edcula de 68 alumnos a cargo de la profesora Clementina Meneses quien ejerce en la misma escuela hasta el a\u00f1o 1912 cuando pasa a llamarse \u201c Escuela Mixta N\u00ba 6\u201d ejerciendo esta [&hellip;]<\/p>\n","protected":false},"author":1,"featured_media":0,"parent":0,"menu_order":0,"comment_status":"closed","ping_status":"closed","template":"","meta":{"_et_pb_use_builder":"on","_et_pb_old_content":"","_et_gb_content_width":"","footnotes":""},"class_list":["post-49","page","type-page","status-publish","hentry"],"_links":{"self":[{"href":"https:\/\/jfscogoti18.cl\/index.php\/wp-json\/wp\/v2\/pages\/49","targetHints":{"allow":["GET"]}}],"collection":[{"href":"https:\/\/jfscogoti18.cl\/index.php\/wp-json\/wp\/v2\/pages"}],"about":[{"href":"https:\/\/jfscogoti18.cl\/index.php\/wp-json\/wp\/v2\/types\/page"}],"author":[{"embeddable":true,"href":"https:\/\/jfscogoti18.cl\/index.php\/wp-json\/wp\/v2\/users\/1"}],"replies":[{"embeddable":true,"href":"https:\/\/jfscogoti18.cl\/index.php\/wp-json\/wp\/v2\/comments?post=49"}],"version-history":[{"count":11,"href":"https:\/\/jfscogoti18.cl\/index.php\/wp-json\/wp\/v2\/pages\/49\/revisions"}],"predecessor-version":[{"id":143,"href":"https:\/\/jfscogoti18.cl\/index.php\/wp-json\/wp\/v2\/pages\/49\/revisions\/143"}],"wp:attachment":[{"href":"https:\/\/jfscogoti18.cl\/index.php\/wp-json\/wp\/v2\/media?parent=49"}],"curies":[{"name":"wp","href":"https:\/\/api.w.org\/{rel}","templated":true}]}}